{"id":473,"date":"2024-01-27T20:04:42","date_gmt":"2024-01-27T19:04:42","guid":{"rendered":"https:\/\/shop.hanaton.hu\/?product=audio-technica-ath-ad900x-open-back-headphones"},"modified":"2025-12-14T22:12:10","modified_gmt":"2025-12-14T21:12:10","slug":"audio-technica-ath-ad900x-open-back-headphones","status":"publish","type":"product","link":"https:\/\/shop.hanaton.hu\/?product=audio-technica-ath-ad900x-open-back-headphones","title":{"rendered":"Audio-Technica ATH-AD900X Open Back Headphones"},"content":{"rendered":"<div id=\"description\" class=\"details_accordion__item active\">\n<div class=\"details_accordion-content\">\n<div class=\"details_accordion-content-inner\">\n<div>\n<h3>gazdag \u00e9s l\u00e9gies hangz\u00e1s egy \u00faj dimenzi\u00f3ja<\/h3>\n<p>Az ATH-AD900X, melyet arra fejlesztett\u00fcnk, hogy szokatlanul magas min\u0151s\u00e9ggel ny\u0171g\u00f6zze le a legkritikusabb zenehallgat\u00f3kat is, ide\u00e1lis fejhallgat\u00f3 a zene szerelmeseinek, akik a nyitott fejhallgat\u00f3k hangt\u00e9r lek\u00e9pez\u00e9s\u00e9t r\u00e9szes\u00edtik el\u0151nyben, \u00e9s a rabul ejt\u0151 hangz\u00e1st a hossz\u00fat\u00e1v\u00fa k\u00e9nyelemmel k\u00edv\u00e1nj\u00e1k kombin\u00e1lni.Az ATH-AD900X nagym\u00e9ret\u0171, 53mm-es meghajt\u00f3kkal rendelkezik, ritkaf\u00f6ldf\u00e9m m\u00e1gnesekkel \u00e9s r\u00e9zbevonat\u00fa alum\u00edniumhuzal (CCAW) hangtekercsekkel a kimagasl\u00f3 audi\u00f3 reprodukci\u00f3 \u00e9rdek\u00e9ben, extr\u00e9m sz\u00e9les, 5-t\u0151l 35 000 Hz-ig terjed\u0151 frekvencia \u00e1tfog\u00e1ssal. Az ATH-AD900X leny\u0171g\u00f6z\u0151 zenehallgat\u00e1si \u00e9lm\u00e9nyt k\u00edn\u00e1l tiszta, term\u00e9szetes vok\u00e1l \u00e9s hangszer reprodukci\u00f3val, kiegyens\u00falyozott hangz\u00e1ssal, prec\u00edz hangk\u00e9ppel \u00e9s fel\u00fclm\u00falhatatlan dinamik\u00e1val.K\u00e9nyelme egyed\u00fcl\u00e1ll\u00f3, h\u00e1la a k\u00e9nyeztet\u0151en puha f\u00fclp\u00e1rn\u00e1knak, a pehelyk\u00f6nny\u0171, m\u00e9hsejtes \u00a0alum\u00ednium kagyl\u00f3knak \u00e9s a 3D Wing Support mechanizmusnak, ami automatikusan alkalmazkodik a fejm\u00e9retre, mik\u00f6zben alig \u00e9rezhet\u0151en tartja a fejhallgat\u00f3t a hely\u00e9n.<\/p>\n<ul>\n<li>CCAW hangtekercsek a finom \u00e9s kifelyez\u0151 hang\u00e9lm\u00e9ny\u00e9rt<\/li>\n<li>Nagym\u00e9ret\u0171, 53 mm-es meghajt\u00f3k gy\u00f6ny\u00f6r\u0171 hangk\u00e9ppel<\/li>\n<li>Nyitott f\u00fclkagyl\u00f3k a leveg\u0151s \u00e9lm\u00e9ny\u00e9rt<\/li>\n<li>R\u00e9szletes hanglek\u00e9pz\u00e9\u00e1s a frekvenciaspektrum eg\u00e9sz\u00e9n<\/li>\n<li>A s\u00fcllyesztett meghalyt\u00f3k sz\u00e9les \u00e9s val\u00f3s\u00e1gh\u0171 hangteret k\u00edn\u00e1lnak<\/li>\n<li>Mem\u00f3riahab f\u00fclp\u00e1rn\u00e1k<\/li>\n<li>OFC egyoldal\u00fa k\u00e1bel TPE rugalmas burkolattal<\/li>\n<li>Aranyozott 3,5mm jack csatlakoz\u00f3 6,3mm \u00e1talak\u00edt\u00f3val<\/li>\n<\/ul>\n<h3>\u201c\u00e1ll\u00edthat\u00f3 fejt\u00e1masz \u00e9s meghajt\u00f3k\u201d<\/h3>\n<p>Az ATH-AD900X fejt\u00e1masz\u00e1t 4-f\u00e9le k\u00e9ppen lehet \u00e1ll\u00edtani, ennek k\u00f6sz\u00f6nhet\u0151en a fejhallagt\u00f3 kinyelmes visel\u00e9st ny\u00fajt b\u00e1rmif\u00e9le nyom\u00e1s n\u00e9lk\u00fcl, f\u00fcggetlen\u00fcl a felhaszn\u00e1l\u00f3 fejform\u00e1j\u00e1t\u00f3l. A d\u00f6nt\u00f6tt meghajt\u00f3k k\u00f6vetik az arc vonal\u00e1t \u00e9s k\u00e9nyelmesen be\u00e1ll\u00edtj\u00e1k magukat a f\u00fcllel p\u00e1rhuzamos \u00e1ll\u00e1sba.<\/p>\n<h3>\u201cexkl\u00faziv d.a.d.s. rendszer\u201d<\/h3>\n<p>Az ATH-AD900X\u00a0Double Air Damping System rendszerrel van felszerelve, mely megtal\u00e1lhat\u00f3 a teljes\u00a0Audio-Technica Art Monitor fejhallgat\u00f3 v\u00e1laszt\u00e9kban.<\/p>\n<h3>\u201c3D wing fejp\u00e1nt\u201d<\/h3>\n<p>A 3D Wing kialak\u00edt\u00e1s kism\u00e9ret\u0171 &#8222;sz\u00e1rnyakb\u00f3l&#8221; \u00e1ll, melyek automatikusan illeszkednek a felhaszn\u00e1l\u00f3 fejform\u00e1j\u00e1hoz an\u00e9lk\u00fcl, hogy a klasszikus fejp\u00e1ntok nyom\u00e1s\u00e9rzet\u00e9t visszaadn\u00e1k.<\/p>\n<h3>ultrak\u00f6nny\u0171<\/h3>\n<p>A fejhallgat\u00f3 pehelyk\u00f6nny\u0171 strukt\u00far\u00e1j\u00e1t a h\u00e1z kialak\u00edt\u00e1s\u00e1t meghat\u00e1roz\u00f3 magn\u00e9zium \u00f6ntv\u00e9ny adja. A fejhallgat\u00f3 kevesebb, mint 265g-t nyom.<\/p>\n<h3>D.A.D.S. rendszer<\/h3>\n<p>Az Audio-Technica \u00e1ltal kifejlesztett\u00a0Double Air Damping Systemkimagasl\u00f3 m\u00e9lyhanglek\u00e9pz\u00e9st k\u00edn\u00e1l.<\/p>\n<h3>OFC k\u00e1bel<\/h3>\n<p>A ATH-AD900X k\u00e1bele OFC-b\u0151l k\u00e9sz\u00fcl (Oxig\u00e9n-mentes r\u00e9z) , melynek k\u00f6sz\u00f6nhet\u0151en a k\u00e1bel nem zavarja a hanglek\u00e9pz\u00e9st.<\/p>\n<h3>3D WING strukt\u00fara<\/h3>\n<p>A 3D Wing Support mechanizmus automatikusan alkalmazkodik a fejm\u00e9retre, mik\u00f6zben alig \u00e9rezhet\u0151en tartja a fejhallgat\u00f3t a hely\u00e9n.<\/p>\n<\/div>\n<\/div>\n<\/div>\n<\/div>\n<div id=\"product.attributes.container\" class=\"details_accordion__item active\">\n<div class=\"details_accordion-content\">\n<div class=\"details_accordion-content-inner\">\n<div id=\"product-attributes\">\n<table class=\"product__attributes product__table active\">\n<tbody>\n<tr class=\"attributes__group-title\">\n<th class=\"attributes__group-title--text\" colspan=\"2\">Headphones<\/th>\n<\/tr>\n<tr class=\"attributes__tr\">\n<th class=\"attributes__th\" scope=\"row\">T\u00edpus<\/th>\n<td class=\"attributes__td\" data-th=\"T\u00edpus\">Nyitott, dinamikus<\/td>\n<\/tr>\n<tr class=\"attributes__tr\">\n<th class=\"attributes__th\" scope=\"row\">Meghajt\u00f3 \u00e1tm\u00e9r\u0151<\/th>\n<td class=\"attributes__td\" data-th=\"Meghajt\u00f3 \u00e1tm\u00e9r\u0151\">53 mm<\/td>\n<\/tr>\n<tr class=\"attributes__tr\">\n<th class=\"attributes__th\" scope=\"row\">Frekvencia \u00e1tvitel<\/th>\n<td class=\"attributes__td\" data-th=\"Frekvencia \u00e1tvitel\">5 &#8211; 35 000 Hz<\/td>\n<\/tr>\n<tr class=\"attributes__tr\">\n<th class=\"attributes__th\" scope=\"row\">Maxim\u00e1lis terhelhet\u0151s\u00e9g<\/th>\n<td class=\"attributes__td\" data-th=\"Maxim\u00e1lis terhelhet\u0151s\u00e9g\">1 000 mW<\/td>\n<\/tr>\n<tr class=\"attributes__tr\">\n<th class=\"attributes__th\" scope=\"row\">\u00c9rz\u00e9kenys\u00e9g<\/th>\n<td class=\"attributes__td\" data-th=\"\u00c9rz\u00e9kenys\u00e9g\">100 dB\/mW<\/td>\n<\/tr>\n<tr class=\"attributes__tr\">\n<th class=\"attributes__th\" scope=\"row\">Impedancia<\/th>\n<td class=\"attributes__td\" data-th=\"Impedancia\">38 Ohm<\/td>\n<\/tr>\n<tr class=\"attributes__tr\">\n<th class=\"attributes__th\" scope=\"row\">T\u00f6meg<\/th>\n<td class=\"attributes__td\" data-th=\"T\u00f6meg\">265 g<\/td>\n<\/tr>\n<tr class=\"attributes__tr\">\n<th class=\"attributes__th\" scope=\"row\">K\u00e1bel<\/th>\n<td class=\"attributes__td\" data-th=\"K\u00e1bel\">3 m<\/td>\n<\/tr>\n<tr class=\"attributes__tr\">\n<th class=\"attributes__th\" scope=\"row\">Csatlakoz\u00f3<\/th>\n<td class=\"attributes__td\" data-th=\"Csatlakoz\u00f3\">Aranyozott sztere\u00f3 3,5 mm-es mini jack csatlakoz\u00f3<\/td>\n<\/tr>\n<tr class=\"attributes__tr\">\n<th class=\"attributes__th\" scope=\"row\">Mell\u00e9kelt tartoz\u00e9kok<\/th>\n<td class=\"attributes__td\" data-th=\"Mell\u00e9kelt tartoz\u00e9kok\">6,3 mm-es adapter<\/td>\n<\/tr>\n<\/tbody>\n<\/table>\n<div class=\"product__attributes--button\"><\/div>\n<\/div>\n<\/div>\n<\/div>\n<\/div>\n","protected":false},"excerpt":{"rendered":"<p>Az ATH-AD900X, melyet arra fejlesztett\u00fcnk, hogy szokatlanul magas min\u0151s\u00e9ggel ny\u0171g\u00f6zze le a legkritikusabb zenehallgat\u00f3kat is, ide\u00e1lis fejhallgat\u00f3 a zene szerelmeseinek, akik a nyitott fejhallgat\u00f3k hangt\u00e9r lek\u00e9pez\u00e9s\u00e9t r\u00e9szes\u00edtik el\u0151nyben, \u00e9s a rabul ejt\u0151 hangz\u00e1st a hossz\u00fat\u00e1v\u00fa k\u00e9nyelemmel k\u00edv\u00e1nj\u00e1k kombin\u00e1lni.Az ATH-AD900X nagym\u00e9ret\u0171, 53mm-es meghajt\u00f3kkal rendelkezik, ritkaf\u00f6ldf\u00e9m m\u00e1gnesekkel \u00e9s r\u00e9zbevonat\u00fa alum\u00edniumhuzal (CCAW) hangtekercsekkel a kimagasl\u00f3 audi\u00f3 reprodukci\u00f3 \u00e9rdek\u00e9ben, extr\u00e9m sz\u00e9les, 5-t\u0151l 35 000 Hz-ig terjed\u0151 frekvencia \u00e1tfog\u00e1ssal. Az ATH-AD900X leny\u0171g\u00f6z\u0151 zenehallgat\u00e1si \u00e9lm\u00e9nyt k\u00edn\u00e1l tiszta, term\u00e9szetes vok\u00e1l \u00e9s hangszer reprodukci\u00f3val, kiegyens\u00falyozott hangz\u00e1ssal, prec\u00edz hangk\u00e9ppel \u00e9s fel\u00fclm\u00falhatatlan dinamik\u00e1val.K\u00e9nyelme egyed\u00fcl\u00e1ll\u00f3, h\u00e1la a k\u00e9nyeztet\u0151en puha f\u00fclp\u00e1rn\u00e1knak, a pehelyk\u00f6nny\u0171, m\u00e9hsejtes \u00a0alum\u00ednium kagyl\u00f3knak \u00e9s a 3D Wing Support mechanizmusnak, ami automatikusan alkalmazkodik a fejm\u00e9retre, mik\u00f6zben alig \u00e9rezhet\u0151en tartja a fejhallgat\u00f3t a hely\u00e9n.<\/p>\n","protected":false},"featured_media":723,"comment_status":"closed","ping_status":"closed","template":"","meta":{"_uag_custom_page_level_css":"","site-sidebar-layout":"default","site-content-layout":"","ast-site-content-layout":"default","site-content-style":"default","site-sidebar-style":"default","ast-global-header-display":"","ast-banner-title-visibility":"","ast-main-header-display":"","ast-hfb-above-header-display":"","ast-hfb-below-header-display":"","ast-hfb-mobile-header-display":"","site-post-title":"","ast-breadcrumbs-content":"","ast-featured-img":"","footer-sml-layout":"","ast-disable-related-posts":"","theme-transparent-header-meta":"default","adv-header-id-meta":"","stick-header-meta":"","header-above-stick-meta":"","header-main-stick-meta":"","header-below-stick-meta":"","astra-migrate-meta-layouts":"set","ast-page-background-enabled":"default","ast-page-background-meta":{"desktop":{"background-color":"var(--ast-global-color-4)","background-image":"","background-repeat":"repeat","background-position":"center center","background-size":"auto","background-attachment":"scroll","background-type":"","background-media":"","overlay-type":"","overlay-color":"","overlay-opacity":"","overlay-gradient":""},"tablet":{"background-color":"","background-image":"","background-repeat":"repeat","background-position":"center center","background-size":"auto","background-attachment":"scroll","background-type":"","background-media":"","overlay-type":"","overlay-color":"","overlay-opacity":"","overlay-gradient":""},"mobile":{"background-color":"","background-image":"","background-repeat":"repeat","background-position":"center center","background-size":"auto","background-attachment":"scroll","background-type":"","background-media":"","overlay-type":"","overlay-color":"","overlay-opacity":"","overlay-gradient":""}},"ast-content-background-meta":{"desktop":{"background-color":"var(--ast-global-color-5)","background-image":"","background-repeat":"repeat","background-position":"center center","background-size":"auto","background-attachment":"scroll","background-type":"","background-media":"","overlay-type":"","overlay-color":"","overlay-opacity":"","overlay-gradient":""},"tablet":{"background-color":"var(--ast-global-color-5)","background-image":"","background-repeat":"repeat","background-position":"center center","background-size":"auto","background-attachment":"scroll","background-type":"","background-media":"","overlay-type":"","overlay-color":"","overlay-opacity":"","overlay-gradient":""},"mobile":{"background-color":"var(--ast-global-color-5)","background-image":"","background-repeat":"repeat","background-position":"center center","background-size":"auto","background-attachment":"scroll","background-type":"","background-media":"","overlay-type":"","overlay-color":"","overlay-opacity":"","overlay-gradient":""}}},"product_brand":[],"product_cat":[39],"product_tag":[],"class_list":{"0":"post-473","1":"product","2":"type-product","3":"status-publish","4":"has-post-thumbnail","6":"product_cat-hi-fi-headphones","7":"desktop-align-left","8":"tablet-align-left","9":"mobile-align-left","11":"first","12":"instock","13":"taxable","14":"shipping-taxable","15":"purchasable","16":"product-type-simple"},"supplier_id":null,"supplier_sku":"","barcode":null,"atum_controlled":true,"out_stock_date":null,"out_stock_threshold":null,"inheritable":false,"inbound_stock":0,"stock_on_hold":0,"sold_today":0,"sales_last_days":0,"reserved_stock":0,"customer_returns":0,"warehouse_damage":0,"lost_in_post":0,"other_logs":0,"out_stock_days":0,"lost_sales":0,"has_location":false,"update_date":"2026-05-01T04:23:39","atum_locations":[],"atum_stock_status":"instock","restock_status":false,"low_stock_amount":"","sales_update_date":"2026-05-01T04:23:39","calc_backorders":null,"uagb_featured_image_src":{"full":["https:\/\/shop.hanaton.hu\/wp-content\/uploads\/ath-ad900x_01.png.webp",700,700,false],"thumbnail":["https:\/\/shop.hanaton.hu\/wp-content\/uploads\/ath-ad900x_01.png-150x150.webp",150,150,true],"medium":["https:\/\/shop.hanaton.hu\/wp-content\/uploads\/ath-ad900x_01.png-300x300.webp",300,300,true],"medium_large":["https:\/\/shop.hanaton.hu\/wp-content\/uploads\/ath-ad900x_01.png.webp",700,700,false],"large":["https:\/\/shop.hanaton.hu\/wp-content\/uploads\/ath-ad900x_01.png.webp",700,700,false],"1536x1536":["https:\/\/shop.hanaton.hu\/wp-content\/uploads\/ath-ad900x_01.png.webp",700,700,false],"2048x2048":["https:\/\/shop.hanaton.hu\/wp-content\/uploads\/ath-ad900x_01.png.webp",700,700,false],"woocommerce_thumbnail":["https:\/\/shop.hanaton.hu\/wp-content\/uploads\/ath-ad900x_01.png-300x300.webp",300,300,true],"woocommerce_single":["https:\/\/shop.hanaton.hu\/wp-content\/uploads\/ath-ad900x_01.png-600x600.webp",600,600,true],"woocommerce_gallery_thumbnail":["https:\/\/shop.hanaton.hu\/wp-content\/uploads\/ath-ad900x_01.png-100x100.webp",100,100,true]},"uagb_author_info":{"display_name":"admin","author_link":"https:\/\/shop.hanaton.hu\/?author=0"},"uagb_comment_info":0,"uagb_excerpt":"Az ATH-AD900X, melyet arra fejlesztett\u00fcnk, hogy szokatlanul magas min\u0151s\u00e9ggel ny\u0171g\u00f6zze le a legkritikusabb zenehallgat\u00f3kat is, ide\u00e1lis fejhallgat\u00f3 a zene szerelmeseinek, akik a nyitott fejhallgat\u00f3k hangt\u00e9r lek\u00e9pez\u00e9s\u00e9t r\u00e9szes\u00edtik el\u0151nyben, \u00e9s a rabul ejt\u0151 hangz\u00e1st a hossz\u00fat\u00e1v\u00fa k\u00e9nyelemmel k\u00edv\u00e1nj\u00e1k kombin\u00e1lni.Az ATH-AD900X nagym\u00e9ret\u0171, 53mm-es meghajt\u00f3kkal rendelkezik, ritkaf\u00f6ldf\u00e9m m\u00e1gnesekkel \u00e9s r\u00e9zbevonat\u00fa alum\u00edniumhuzal (CCAW) hangtekercsekkel a kimagasl\u00f3 audi\u00f3 reprodukci\u00f3 \u00e9rdek\u00e9ben,&hellip;","_links":{"self":[{"href":"https:\/\/shop.hanaton.hu\/index.php?rest_route=\/wp\/v2\/product\/473","targetHints":{"allow":["GET"]}}],"collection":[{"href":"https:\/\/shop.hanaton.hu\/index.php?rest_route=\/wp\/v2\/product"}],"about":[{"href":"https:\/\/shop.hanaton.hu\/index.php?rest_route=\/wp\/v2\/types\/product"}],"replies":[{"embeddable":true,"href":"https:\/\/shop.hanaton.hu\/index.php?rest_route=%2Fwp%2Fv2%2Fcomments&post=473"}],"wp:featuredmedia":[{"embeddable":true,"href":"https:\/\/shop.hanaton.hu\/index.php?rest_route=\/wp\/v2\/media\/723"}],"wp:attachment":[{"href":"https:\/\/shop.hanaton.hu\/index.php?rest_route=%2Fwp%2Fv2%2Fmedia&parent=473"}],"wp:term":[{"taxonomy":"product_brand","embeddable":true,"href":"https:\/\/shop.hanaton.hu\/index.php?rest_route=%2Fwp%2Fv2%2Fproduct_brand&post=473"},{"taxonomy":"product_cat","embeddable":true,"href":"https:\/\/shop.hanaton.hu\/index.php?rest_route=%2Fwp%2Fv2%2Fproduct_cat&post=473"},{"taxonomy":"product_tag","embeddable":true,"href":"https:\/\/shop.hanaton.hu\/index.php?rest_route=%2Fwp%2Fv2%2Fproduct_tag&post=473"}],"curies":[{"name":"wp","href":"https:\/\/api.w.org\/{rel}","templated":true}]}}