{"id":462,"date":"2024-01-27T20:04:39","date_gmt":"2024-01-27T19:04:39","guid":{"rendered":"https:\/\/shop.hanaton.hu\/?product=audio-technica-ath-wp900-portable-wooden-headphones"},"modified":"2025-12-14T22:29:10","modified_gmt":"2025-12-14T21:29:10","slug":"audio-technica-ath-wp900-portable-wooden-headphones","status":"publish","type":"product","link":"https:\/\/shop.hanaton.hu\/?product=audio-technica-ath-wp900-portable-wooden-headphones","title":{"rendered":"Audio-Technica ATH-WP900 Portable Wooden Headphones"},"content":{"rendered":"<div id=\"description\" class=\"details_accordion__item active\">\n<div class=\"details_accordion-content\">\n<div class=\"details_accordion-content-inner\">\n<div>\n<ul>\n<li>Egy v\u00e9kony r\u00e9teg l\u00e1ngolt juharral vontuk be a szil\u00e1rd, megmunk\u00e1lt juhar fel\u00fclet\u00e9t, \u00edgy egy merev, s\u0171r\u0171 fah\u00e1zat hoztunk l\u00e9tre, amely amilyen j\u00f3l n\u00e9z ki, olyan j\u00f3l is sz\u00f3l<\/li>\n<li>A fejhallgat\u00f3 l\u00e1ngolt juhar bevonat\u00e1t a jap\u00e1n Fujigen, git\u00e1rokat k\u00e9sz\u00edt\u0151 v\u00e1llalat k\u00e9sz\u00edti, kihangs\u00falyozva mindk\u00e9t kagyl\u00f3h\u00e1z egyedi rostozat\u00e1t, olyan gy\u00f6ny\u00f6r\u0171en, ami id\u0151vel m\u00e9g hangs\u00falyozottabb\u00e1 v\u00e1lik<\/li>\n<li>Az exkluz\u00edv, nagy teljes\u00edtm\u00e9ny\u0171 m\u00e1gneses \u00e1ramk\u00f6r\u00f6kkel rendelkez\u0151 53 mm-es meghajt\u00f3k rendk\u00edv\u00fcl teljes frekvenciatartom\u00e1ny\u00fa hangz\u00e1st biztos\u00edtanak<\/li>\n<li>DLC (gy\u00e9m\u00e1ntszer\u0171 sz\u00e9n) bevonatos membr\u00e1nok a magas frekvencia\u00e1tvitel jav\u00edt\u00e1sa \u00e9rdek\u00e9ben<\/li>\n<li>A fel\u00fclre szerelt NY\u00c1K konstrukci\u00f3 seg\u00edt szab\u00e1lyozni a l\u00e9g\u00e1raml\u00e1st, hogy lehet\u0151v\u00e9 tegye a membr\u00e1n prec\u00edz mozg\u00e1s\u00e1t<\/li>\n<li>Hajl\u00edtott terel\u0151lap jav\u00edtja a membr\u00e1n el\u00fcls\u0151 \u00e9s h\u00e1ts\u00f3 r\u00e9sze k\u00f6z\u00f6tti l\u00e9g\u00e1raml\u00e1st a jobb alacsony \u00e9s k\u00f6zepes tartom\u00e1ny\u00fa hangvisszaad\u00e1s \u00e9rdek\u00e9ben, valamint seg\u00edt szigetelni a kagyl\u00f3t<\/li>\n<li>K\u00e9t levehet\u0151 1,2 m-es (3,9&#8242;) k\u00e1bel A2DC (Audio Designed Detachable Coaxial) csatlakoz\u00f3val a fejhallgat\u00f3n: az egyik 3,5 mm-es (1\/8&#8243;) aranyozott sztere\u00f3 mini-csatlakoz\u00f3val, a m\u00e1sik 4,4 mm-es (1\/6&#8243;), 5-p\u00f3lus\u00fa aranyozott kiegyens\u00falyozott csatlakoz\u00f3val<\/li>\n<li>A f\u00fclp\u00e1rn\u00e1k \u00e9s a fejp\u00e1nt sima, szintetikus b\u0151rb\u0151l k\u00e9sz\u00fclnek a tart\u00f3s k\u00e9nyelem \u00e9rdek\u00e9ben<\/li>\n<li>A laposan \u00f6sszeforgathat\u00f3 kialak\u00edt\u00e1s lehet\u0151v\u00e9 teszi a fejhallgat\u00f3k k\u00f6nny\u0171 sz\u00e1ll\u00edt\u00e1s\u00e1t a mell\u00e9kelt hordoz\u00f3tasakban<\/li>\n<li>Jap\u00e1n mestermunka: minden f\u00e1b\u00f3l k\u00e9sz\u00fclt Audio-Technica fejhallgat\u00f3t k\u00e9zzel szerelnek \u00f6ssze Toki\u00f3ban<\/li>\n<\/ul>\n<\/div>\n<\/div>\n<\/div>\n<\/div>\n<div id=\"product.attributes.container\" class=\"details_accordion__item active\">\n<div class=\"details_accordion-content\">\n<div class=\"details_accordion-content-inner\">\n<div id=\"product-attributes\">\n<table class=\"product__attributes product__table active\">\n<tbody>\n<tr class=\"attributes__group-title\">\n<th class=\"attributes__group-title--text\" colspan=\"2\">Headphones<\/th>\n<\/tr>\n<tr class=\"attributes__tr\">\n<th class=\"attributes__th\" scope=\"row\">T\u00edpus<\/th>\n<td class=\"attributes__td\" data-th=\"T\u00edpus\">Z\u00e1rt h\u00e1tlap\u00fa dinamika<\/td>\n<\/tr>\n<tr class=\"attributes__tr\">\n<th class=\"attributes__th\" scope=\"row\">Meghajt\u00f3 \u00e1tm\u00e9r\u0151<\/th>\n<td class=\"attributes__td\" data-th=\"Meghajt\u00f3 \u00e1tm\u00e9r\u0151\">53 mm<\/td>\n<\/tr>\n<tr class=\"attributes__tr\">\n<th class=\"attributes__th\" scope=\"row\">Frekvencia \u00e1tvitel<\/th>\n<td class=\"attributes__td\" data-th=\"Frekvencia \u00e1tvitel\">5 &#8211; 50\u00a0000 Hz<\/td>\n<\/tr>\n<tr class=\"attributes__tr\">\n<th class=\"attributes__th\" scope=\"row\">Maxim\u00e1lis terhelhet\u0151s\u00e9g<\/th>\n<td class=\"attributes__td\" data-th=\"Maxim\u00e1lis terhelhet\u0151s\u00e9g\">1000 mw<\/td>\n<\/tr>\n<tr class=\"attributes__tr\">\n<th class=\"attributes__th\" scope=\"row\">\u00c9rz\u00e9kenys\u00e9g<\/th>\n<td class=\"attributes__td\" data-th=\"\u00c9rz\u00e9kenys\u00e9g\">100 dB\/mW<\/td>\n<\/tr>\n<tr class=\"attributes__tr\">\n<th class=\"attributes__th\" scope=\"row\">Impedancia<\/th>\n<td class=\"attributes__td\" data-th=\"Impedancia\">38 ohms<\/td>\n<\/tr>\n<tr class=\"attributes__tr\">\n<th class=\"attributes__th\" scope=\"row\">T\u00f6meg<\/th>\n<td class=\"attributes__td\" data-th=\"T\u00f6meg\">243 g (8.6 oz), k\u00e1bel n\u00e9lk\u00fcl<\/td>\n<\/tr>\n<tr class=\"attributes__tr\">\n<th class=\"attributes__th\" scope=\"row\">K\u00e1bel<\/th>\n<td class=\"attributes__td\" data-th=\"K\u00e1bel\">Levehet\u0151 1,2 m-es (3,9&#8242;) k\u00e1bel (A2DC \u00e9s 3,5 mm-es (1\/8&#8243;) aranyozott sztere\u00f3 mini-csatlakoz\u00f3; levehet\u0151 1,2 m-es (3,9&#8242;) k\u00e1bel (A2DC-t\u0151l a 4,4 mm (1\/6&#8243;), 5-p\u00f3lus\u00fa aranyozott kiegyens\u00falyozott dug\u00f3hoz)<\/td>\n<\/tr>\n<tr class=\"attributes__tr\">\n<th class=\"attributes__th\" scope=\"row\">Mell\u00e9kelt tartoz\u00e9kok<\/th>\n<td class=\"attributes__td\" data-th=\"Mell\u00e9kelt tartoz\u00e9kok\">Hordoz\u00f3tasak<\/td>\n<\/tr>\n<\/tbody>\n<\/table>\n<div class=\"product__attributes--button\"><\/div>\n<\/div>\n<\/div>\n<\/div>\n<\/div>\n","protected":false},"excerpt":{"rendered":"<div class=\"product-hero__intro-text\">\n<p>Az ATH-WP900 hordozhat\u00f3 f\u00fcl f\u00f6l\u00f6tti fejhallgat\u00f3 gy\u00f6ny\u00f6r\u0171 l\u00e1ngolt juhar h\u00e1zzal az \u00fatk\u00f6zbeni HiFi min\u0151s\u00e9g\u0171 hallgat\u00e1s \u00e9s a kiemelked\u0151 eszt\u00e9tika \u00e9rdek\u00e9ben. A juhar egy merev, s\u0171r\u0171 fa, \u00edgy el\u0151szeretettel haszn\u00e1lj\u00e1k h\u00faros hangszerek, p\u00e9ld\u00e1ul git\u00e1rok \u00e9s heged\u0171k k\u00e9sz\u00edt\u00e9s\u00e9re. Egy v\u00e9kony r\u00e9teg l\u00e1ngolt juharral vontuk be a szil\u00e1rd, megmunk\u00e1lt juhar fel\u00fclet\u00e9t, amivel tov\u00e1bb hangs\u00falyozzuk a term\u00e9szetes hangz\u00e1smin\u0151s\u00e9get.<\/p>\n<\/div>\n<div class=\"product-hero__expanded-text\">\n<p>A fejhallgat\u00f3 l\u00e1ngolt juhar bevonat\u00e1t a jap\u00e1n Fujigen, git\u00e1rokat k\u00e9sz\u00edt\u0151 v\u00e1llalat k\u00e9sz\u00edti, kihangs\u00falyozva mindk\u00e9t kagyl\u00f3h\u00e1z egyedi rostozat\u00e1t, olyan gy\u00f6ny\u00f6r\u0171en, ami az id\u0151 m\u00fal\u00e1s\u00e1val egyre szebb lesz. A fejhallgat\u00f3k exkluz\u00edv, er\u0151teljes m\u00e1gneses \u00e1ramk\u00f6r\u00f6kkel ell\u00e1tott 53 mm-es meghajt\u00f3kkal vannak felszerelve, DLC (gy\u00e9m\u00e1ntszer\u0171 sz\u00e9n) bevonattal \u00e9s fel\u00fclre szerelt NY\u00c1K konstrukci\u00f3val a kiv\u00e9teles teljes k\u00f6r\u0171 hangvisszaad\u00e1s \u00e9rdek\u00e9ben. A speci\u00e1lisan tervezett hajl\u00edtott terel\u0151lap jav\u00edtja a membr\u00e1n el\u00fcls\u0151 \u00e9s h\u00e1ts\u00f3 r\u00e9sze k\u00f6z\u00f6tti l\u00e9g\u00e1raml\u00e1st a jobb alacsony \u00e9s k\u00f6zepes tartom\u00e1ny\u00fa hangvisszaad\u00e1s \u00e9rdek\u00e9ben, \u00e9s optim\u00e1lisan illeszti a f\u00fclkagyl\u00f3kat a f\u00fclek f\u00f6l\u00e9 a nagyobb k\u00e9nyelem \u00e9s a hangszigetel\u00e9s \u00e9rdek\u00e9ben. A fejhallgat\u00f3 A2DC (Audio Designed Detachable Coaxial) jack dug\u00f3kkal is rendelkezik a k\u00e9t 1,2 m-es (3.9&#8242;) levehet\u0151 k\u00e1belhez val\u00f3 csatlakoz\u00e1shoz. Az egyik k\u00e1bel 3,5 mm-es (1\/8&#8243;) aranyozott sztere\u00f3 mini-csatlakoz\u00f3val rendelkezik okostelefonokhoz \u00e9s szabv\u00e1nyos audioeszk\u00f6z\u00f6kh\u00f6z. A m\u00e1sik k\u00e1bel 4,4 mm-es (1\/6), 5-p\u00f3lus\u00fa, aranyozott kiegyens\u00falyozott csatlakoz\u00f3val van felszerelve, nagy felbont\u00e1s\u00fa digit\u00e1lis audiolej\u00e1tsz\u00f3khoz \u00e9s kiegyens\u00falyozott kompatibilis fejhallgat\u00f3-er\u0151s\u00edt\u0151kh\u00f6z. Az ATH-WP900 f\u00fclp\u00e1rn\u00e1i \u00e9s fejp\u00e1ntja sima, szintetikus b\u0151rb\u0151l k\u00e9sz\u00fclnek a tart\u00f3s k\u00e9nyelem \u00e9rdek\u00e9ben, a kagyl\u00f3k laposan \u00f6sszeforgathat\u00f3ak a k\u00f6nny\u0171 sz\u00e1ll\u00edt\u00e1s \u00e9rdek\u00e9ben a mell\u00e9kelt hordoz\u00f3tasakban.\u00a0A nagy felbont\u00e1s\u00fa hangr\u00f3l r\u00f6viden: \u00dat a nagy felbont\u00e1s\u00fa hanghoz: M\u00edg sok zenehallgat\u00f3 \u00fagy v\u00e9li, hogy a nagy felbont\u00e1s\u00fa hang a Compact Disc 1982-es bevezet\u00e9s\u00e9vel egy\u00fctt j\u00f6tt, addig a lemez t\u00e1rhely\u00e9nek korl\u00e1tozotts\u00e1ga mindig megakad\u00e1lyozta, hogy a CD-hang (44,1 kHz \/ 16 bites szabv\u00e1nyos\u00edtott) teljes eg\u00e9sz\u00e9ben reproduk\u00e1lja az eredeti r\u00f6gz\u00edtett hangot. Az MP3-asok megjelen\u00e9se \u00e9s k\u00e9s\u0151bbi n\u00e9pszer\u0171s\u00e9ge csak nyilv\u00e1nval\u00f3bb\u00e1 tette ezt a probl\u00e9m\u00e1t, mert ezeknek a f\u00e1jloknak a sz\u00fcks\u00e9ges t\u00f6m\u00f6r\u00edt\u00e9se a hanginform\u00e1ci\u00f3k elveszt\u00e9s\u00e9hez vezet, ez\u00e1ltal jelent\u0151sen cs\u00f6kkentve a hangmin\u0151s\u00e9get. De a vesztes\u00e9gmentes hangf\u00e1jl form\u00e1tumok, az egyre k\u00f6nnyebben el\u00e9rhet\u0151 gyorsabb internet \u00e9s nagyobb t\u00e1rhely (egyre kisebb csomagokban) olyan hangfelvev\u0151 berendez\u00e9seket hoz l\u00e9tre, amelyek k\u00e9pesek r\u00f6gz\u00edteni \u00e9s reproduk\u00e1lni a val\u00f3di Hi-Res hangot, amelyek \u00e1ltal\u00e1ban 96 kHz \/ 24 bitesek vagy ann\u00e1l jobbnak. A Hi-Res Audio log\u00f3 tan\u00fas\u00edtja, hogy egy term\u00e9k megfelel a Hi-Res Audio szabv\u00e1nyoknak. E szabv\u00e1nyok szerint a fejhallgat\u00f3knak legal\u00e1bb 40 kHz-es frekvencia-\u00e1talak\u00edt\u00f3 teljes\u00edtm\u00e9nnyel kell rendelkezni\u00fck. Az audiofil fejhallgat\u00f3k gy\u00e1rt\u00f3jak\u00e9nt az Audio-Technica 1972 \u00f3ta kiv\u00e1l\u00f3 helyet foglal el olyan audio megold\u00e1sok ny\u00fajt\u00e1s\u00e1ban, amelyek megfelelnek a Hi-Res Audio m\u00e9diaform\u00e1tumok ig\u00e9nyeinek, lehet\u0151v\u00e9 t\u00e9ve kiterjesztett hangkaraktereik teljes reproduk\u00e1l\u00e1s\u00e1t.<\/p>\n<\/div>\n","protected":false},"featured_media":677,"comment_status":"closed","ping_status":"closed","template":"","meta":{"_uag_custom_page_level_css":"","site-sidebar-layout":"default","site-content-layout":"","ast-site-content-layout":"default","site-content-style":"default","site-sidebar-style":"default","ast-global-header-display":"","ast-banner-title-visibility":"","ast-main-header-display":"","ast-hfb-above-header-display":"","ast-hfb-below-header-display":"","ast-hfb-mobile-header-display":"","site-post-title":"","ast-breadcrumbs-content":"","ast-featured-img":"","footer-sml-layout":"","ast-disable-related-posts":"","theme-transparent-header-meta":"default","adv-header-id-meta":"","stick-header-meta":"","header-above-stick-meta":"","header-main-stick-meta":"","header-below-stick-meta":"","astra-migrate-meta-layouts":"set","ast-page-background-enabled":"default","ast-page-background-meta":{"desktop":{"background-color":"var(--ast-global-color-4)","background-image":"","background-repeat":"repeat","background-position":"center center","background-size":"auto","background-attachment":"scroll","background-type":"","background-media":"","overlay-type":"","overlay-color":"","overlay-opacity":"","overlay-gradient":""},"tablet":{"background-color":"","background-image":"","background-repeat":"repeat","background-position":"center center","background-size":"auto","background-attachment":"scroll","background-type":"","background-media":"","overlay-type":"","overlay-color":"","overlay-opacity":"","overlay-gradient":""},"mobile":{"background-color":"","background-image":"","background-repeat":"repeat","background-position":"center center","background-size":"auto","background-attachment":"scroll","background-type":"","background-media":"","overlay-type":"","overlay-color":"","overlay-opacity":"","overlay-gradient":""}},"ast-content-background-meta":{"desktop":{"background-color":"var(--ast-global-color-5)","background-image":"","background-repeat":"repeat","background-position":"center center","background-size":"auto","background-attachment":"scroll","background-type":"","background-media":"","overlay-type":"","overlay-color":"","overlay-opacity":"","overlay-gradient":""},"tablet":{"background-color":"var(--ast-global-color-5)","background-image":"","background-repeat":"repeat","background-position":"center center","background-size":"auto","background-attachment":"scroll","background-type":"","background-media":"","overlay-type":"","overlay-color":"","overlay-opacity":"","overlay-gradient":""},"mobile":{"background-color":"var(--ast-global-color-5)","background-image":"","background-repeat":"repeat","background-position":"center center","background-size":"auto","background-attachment":"scroll","background-type":"","background-media":"","overlay-type":"","overlay-color":"","overlay-opacity":"","overlay-gradient":""}}},"product_brand":[],"product_cat":[39],"product_tag":[],"class_list":{"0":"post-462","1":"product","2":"type-product","3":"status-publish","4":"has-post-thumbnail","6":"product_cat-hi-fi-headphones","7":"desktop-align-left","8":"tablet-align-left","9":"mobile-align-left","11":"first","12":"instock","13":"taxable","14":"shipping-taxable","15":"purchasable","16":"product-type-simple"},"supplier_id":null,"supplier_sku":"","barcode":null,"atum_controlled":true,"out_stock_date":null,"out_stock_threshold":null,"inheritable":false,"inbound_stock":0,"stock_on_hold":0,"sold_today":0,"sales_last_days":0,"reserved_stock":0,"customer_returns":0,"warehouse_damage":0,"lost_in_post":0,"other_logs":0,"out_stock_days":0,"lost_sales":0,"has_location":false,"update_date":"2026-04-29T04:22:29","atum_locations":[],"atum_stock_status":"instock","restock_status":false,"low_stock_amount":"","sales_update_date":"2026-04-29T04:22:29","calc_backorders":null,"uagb_featured_image_src":{"full":["https:\/\/shop.hanaton.hu\/wp-content\/uploads\/ath-wp900_01.png.webp",700,700,false],"thumbnail":["https:\/\/shop.hanaton.hu\/wp-content\/uploads\/ath-wp900_01.png-150x150.webp",150,150,true],"medium":["https:\/\/shop.hanaton.hu\/wp-content\/uploads\/ath-wp900_01.png-300x300.webp",300,300,true],"medium_large":["https:\/\/shop.hanaton.hu\/wp-content\/uploads\/ath-wp900_01.png.webp",700,700,false],"large":["https:\/\/shop.hanaton.hu\/wp-content\/uploads\/ath-wp900_01.png.webp",700,700,false],"1536x1536":["https:\/\/shop.hanaton.hu\/wp-content\/uploads\/ath-wp900_01.png.webp",700,700,false],"2048x2048":["https:\/\/shop.hanaton.hu\/wp-content\/uploads\/ath-wp900_01.png.webp",700,700,false],"woocommerce_thumbnail":["https:\/\/shop.hanaton.hu\/wp-content\/uploads\/ath-wp900_01.png-300x300.webp",300,300,true],"woocommerce_single":["https:\/\/shop.hanaton.hu\/wp-content\/uploads\/ath-wp900_01.png-600x600.webp",600,600,true],"woocommerce_gallery_thumbnail":["https:\/\/shop.hanaton.hu\/wp-content\/uploads\/ath-wp900_01.png-100x100.webp",100,100,true]},"uagb_author_info":{"display_name":"admin","author_link":"https:\/\/shop.hanaton.hu\/?author=0"},"uagb_comment_info":0,"uagb_excerpt":"Az ATH-WP900 hordozhat\u00f3 f\u00fcl f\u00f6l\u00f6tti fejhallgat\u00f3 gy\u00f6ny\u00f6r\u0171 l\u00e1ngolt juhar h\u00e1zzal az \u00fatk\u00f6zbeni HiFi min\u0151s\u00e9g\u0171 hallgat\u00e1s \u00e9s a kiemelked\u0151 eszt\u00e9tika \u00e9rdek\u00e9ben. A juhar egy merev, s\u0171r\u0171 fa, \u00edgy el\u0151szeretettel haszn\u00e1lj\u00e1k h\u00faros hangszerek, p\u00e9ld\u00e1ul git\u00e1rok \u00e9s heged\u0171k k\u00e9sz\u00edt\u00e9s\u00e9re. Egy v\u00e9kony r\u00e9teg l\u00e1ngolt juharral vontuk be a szil\u00e1rd, megmunk\u00e1lt juhar fel\u00fclet\u00e9t, amivel tov\u00e1bb hangs\u00falyozzuk a term\u00e9szetes hangz\u00e1smin\u0151s\u00e9get. A&hellip;","_links":{"self":[{"href":"https:\/\/shop.hanaton.hu\/index.php?rest_route=\/wp\/v2\/product\/462","targetHints":{"allow":["GET"]}}],"collection":[{"href":"https:\/\/shop.hanaton.hu\/index.php?rest_route=\/wp\/v2\/product"}],"about":[{"href":"https:\/\/shop.hanaton.hu\/index.php?rest_route=\/wp\/v2\/types\/product"}],"replies":[{"embeddable":true,"href":"https:\/\/shop.hanaton.hu\/index.php?rest_route=%2Fwp%2Fv2%2Fcomments&post=462"}],"wp:featuredmedia":[{"embeddable":true,"href":"https:\/\/shop.hanaton.hu\/index.php?rest_route=\/wp\/v2\/media\/677"}],"wp:attachment":[{"href":"https:\/\/shop.hanaton.hu\/index.php?rest_route=%2Fwp%2Fv2%2Fmedia&parent=462"}],"wp:term":[{"taxonomy":"product_brand","embeddable":true,"href":"https:\/\/shop.hanaton.hu\/index.php?rest_route=%2Fwp%2Fv2%2Fproduct_brand&post=462"},{"taxonomy":"product_cat","embeddable":true,"href":"https:\/\/shop.hanaton.hu\/index.php?rest_route=%2Fwp%2Fv2%2Fproduct_cat&post=462"},{"taxonomy":"product_tag","embeddable":true,"href":"https:\/\/shop.hanaton.hu\/index.php?rest_route=%2Fwp%2Fv2%2Fproduct_tag&post=462"}],"curies":[{"name":"wp","href":"https:\/\/api.w.org\/{rel}","templated":true}]}}